{"id":310,"date":"2021-09-21T16:02:16","date_gmt":"2021-09-21T14:02:16","guid":{"rendered":"https:\/\/www.diephaven.org\/?page_id=310"},"modified":"2023-05-27T15:27:12","modified_gmt":"2023-05-27T13:27:12","slug":"samedi-23-octobre-2021","status":"publish","type":"page","link":"https:\/\/www.impatiences.org\/en\/archives\/festival-diephaven-2021\/samedi-23-octobre-2021","title":{"rendered":"Diep~Haven 2021 &#8211; Saturday, October 23, 2021"},"content":{"rendered":"[vc_row type=&#8221;in_container&#8221; full_screen_row_position=&#8221;middle&#8221; column_margin=&#8221;default&#8221; column_direction=&#8221;default&#8221; column_direction_tablet=&#8221;default&#8221; column_direction_phone=&#8221;default&#8221; scene_position=&#8221;center&#8221; text_color=&#8221;dark&#8221; text_align=&#8221;left&#8221; row_border_radius=&#8221;none&#8221; row_border_radius_applies=&#8221;bg&#8221; overflow=&#8221;visible&#8221; overlay_strength=&#8221;0.3&#8243; gradient_direction=&#8221;left_to_right&#8221; shape_divider_position=&#8221;bottom&#8221; bg_image_animation=&#8221;none&#8221;][vc_column column_padding=&#8221;no-extra-padding&#8221; column_padding_tablet=&#8221;inherit&#8221; column_padding_phone=&#8221;inherit&#8221; column_padding_position=&#8221;all&#8221; column_element_direction_desktop=&#8221;default&#8221; column_element_spacing=&#8221;default&#8221; desktop_text_alignment=&#8221;default&#8221; tablet_text_alignment=&#8221;default&#8221; phone_text_alignment=&#8221;default&#8221; background_color_opacity=&#8221;1&#8243; background_hover_color_opacity=&#8221;1&#8243; column_backdrop_filter=&#8221;none&#8221; column_shadow=&#8221;none&#8221; column_border_radius=&#8221;none&#8221; column_link_target=&#8221;_self&#8221; column_position=&#8221;default&#8221; gradient_direction=&#8221;left_to_right&#8221; overlay_strength=&#8221;0.3&#8243; width=&#8221;1\/1&#8243; tablet_width_inherit=&#8221;default&#8221; animation_type=&#8221;default&#8221; bg_image_animation=&#8221;none&#8221; border_type=&#8221;simple&#8221; column_border_width=&#8221;none&#8221; column_border_style=&#8221;solid&#8221;][nectar_global_section id=&#8221;664&#8243;][\/vc_column][\/vc_row][vc_row type=&#8221;in_container&#8221; full_screen_row_position=&#8221;middle&#8221; column_margin=&#8221;default&#8221; column_direction=&#8221;default&#8221; column_direction_tablet=&#8221;default&#8221; column_direction_phone=&#8221;default&#8221; scene_position=&#8221;center&#8221; text_color=&#8221;dark&#8221; text_align=&#8221;left&#8221; row_border_radius=&#8221;none&#8221; row_border_radius_applies=&#8221;bg&#8221; overflow=&#8221;visible&#8221; class=&#8221;padpage&#8221; overlay_strength=&#8221;0.3&#8243; gradient_direction=&#8221;left_to_right&#8221; shape_divider_position=&#8221;bottom&#8221; bg_image_animation=&#8221;none&#8221; gradient_type=&#8221;default&#8221; shape_type=&#8221;&#8221;][vc_column column_padding=&#8221;no-extra-padding&#8221; column_padding_tablet=&#8221;inherit&#8221; column_padding_phone=&#8221;inherit&#8221; column_padding_position=&#8221;all&#8221; column_element_direction_desktop=&#8221;default&#8221; column_element_spacing=&#8221;default&#8221; desktop_text_alignment=&#8221;default&#8221; tablet_text_alignment=&#8221;default&#8221; phone_text_alignment=&#8221;default&#8221; background_color_opacity=&#8221;1&#8243; background_hover_color_opacity=&#8221;1&#8243; column_backdrop_filter=&#8221;none&#8221; column_shadow=&#8221;none&#8221; column_border_radius=&#8221;none&#8221; column_link_target=&#8221;_self&#8221; column_position=&#8221;default&#8221; gradient_direction=&#8221;left_to_right&#8221; overlay_strength=&#8221;0.3&#8243; width=&#8221;1\/1&#8243; tablet_width_inherit=&#8221;default&#8221; animation_type=&#8221;default&#8221; bg_image_animation=&#8221;none&#8221; border_type=&#8221;simple&#8221; column_border_width=&#8221;none&#8221; column_border_style=&#8221;solid&#8221;][vc_column_text]\n<h3>Saturday, October 23, 2021<\/h3>\n<p style=\"text-align: left;\"><strong>Diep~haven 2021 Festival<\/strong><br \/>\nfestival of ideas and contemporary art.<\/p>\n<p><strong>where<\/strong>:<br \/>\nD.S.N. \u2013 Sc\u00e8ne Nationale de Dieppe, Normandy<br \/>\nDieppe fish auction (Port of Dieppe)<\/p>\n<p><strong>when:<\/strong><br \/>\n10am-12pm at D.S.N, Great Hall<br \/>\n2-4pm at D.S.N. Dance Studio<br \/>\n4-6pm at D.S.N, Great Hall<br \/>\n6-8pm at La Cri\u00e9e<br \/>\n8:30-10pm at D.S.N, Great Hall<\/p>\n<p>With <strong>Microsillons<\/strong>, Marianne Guarino-Huet &amp; Olivier Desvoignes, artists, <strong>Frank Smith<\/strong>, poet, <strong>L\u00e9na Balaud<\/strong>, philosopher and agricultural researcher, <strong>Diego Landivar<\/strong>, economist, <strong>Yann Moulier-Boutang<\/strong>, philosopher and economist, <strong>Eric Lecerf<\/strong>, philosopher, <strong>Bertrand Ogilvie<\/strong>, philosopher, <strong>Romain Bertrand<\/strong>, historian. And in distanciel, <strong>Alexander Neumann<\/strong>, sociologist, <strong>Silvana Rabinovich<\/strong>, philosopher, <strong>Fr\u00e9d\u00e9ric Rambeau<\/strong>, philosopher.<\/p>\n<p>The bookshop <strong>La Grande Ourse<\/strong>, partner of the festival, will be present at Dieppe Sc\u00e8ne Nationale on Saturday 23 October to present the books of the different speakers.<\/p>\n<p><strong>10am-12pm at D.S.N, Great Hall<br \/>\nPedagogical Bifurcations<br \/>\nWorkshop<\/strong><\/p>\n<p>The <em><strong>microsillons<\/strong><\/em> collective will present its research on the critical pedagogue Paulo Freire (1921-1997) and the forms of artistic and pedagogical re-engagement that have emerged from it. This presentation will be followed by a sequence in which everyone will be invited to reflect on the subjects, tools or tactics that we should urgently educate ourselves to re-imagine the world in common. To do this, a bundle, whose shape is inspired by the blob &#8211; a single-cell organism capable of learning and transmitting its learning &#8211; will serve as a generating tool. This object is a patchwork of proposals, voices, languages and positions on contemporary educational issues.<\/p>\n<div id=\"attachment_240\" style=\"width: 310px\" class=\"wp-caption alignleft\"><a href=\"https:\/\/www.diephaven.org\/wp-content\/uploads\/2021\/09\/microsillons.jpeg\" rel=\"prettyPhoto[gallery-eXpg]\"><img loading=\"lazy\" decoding=\"async\" aria-describedby=\"caption-attachment-240\" class=\"espacegauche wp-image-240 size-medium\" src=\"https:\/\/www.diephaven.org\/wp-content\/uploads\/2021\/09\/microsillons-300x169.jpeg\" alt=\"\" width=\"300\" height=\"169\" srcset=\"https:\/\/www.impatiences.org\/wp-content\/uploads\/2021\/09\/microsillons-300x169.jpeg 300w, https:\/\/www.impatiences.org\/wp-content\/uploads\/2021\/09\/microsillons.jpeg 576w\" sizes=\"auto, (max-width: 300px) 100vw, 300px\" \/><\/a><p id=\"caption-attachment-240\" class=\"wp-caption-text\">microsillons, Marianne Guarino-Huet &amp; Olivier Desvoignes, artists<\/p><\/div>\n<p class=\"p1\">Created in 2005 in Geneva by <strong>Marianne Guarino-Huet and Olivier Desvoignes<\/strong>, the collective microsillons develops collaborative artistic projects engaged in a social and civic debate, based on strategies derived from critical and feminist pedagogies.<br \/>\nThe collective has collaborated with numerous cultural institutions including the Garage (Moscow), 116 &#8211; center d&#8217;art contemporain (Montreuil), VANSA (Johannesburg), the WYSPA Institute (Gdansk), the Centre d&#8217;art contemporain du Parc St-L\u00e9ger or Le Centre d&#8217;art contemporain Gen\u00e8ve, where it was in charge of mediation projects between 2008 and 2010. Since 2015, microsillons is responsible for the Master TRANS- Socially engaged artistic practices, at HEAD &#8211; Geneva. microsillons has participated in several research supported by the Swiss National Fund for Scientific Research and published in 2019 &#8220;Motifs incertains &#8211; Enseigner et apprendre les pratiques artistiques socialement engag\u00e9es&#8221; (Presses du r\u00e9el). The collective is the recipient of a mediator grant from the City of Geneva (2007) and a Swiss Art Award (2008) (finalists in the cancelled 2020 edition). Marianne Guarino-Huet and Olivier Desvoignes hold PhDs from the University of the Arts London.<\/p>\n<p>&nbsp;<\/p>\n<p><strong>2pm-4pm at the D.S.N. Dance Studio<\/strong><\/p>\n<div id=\"attachment_234\" style=\"width: 250px\" class=\"wp-caption alignright\"><a href=\"https:\/\/www.diephaven.org\/wp-content\/uploads\/2021\/09\/Frank_SMITH_par_Philippe_Grollier_pour_Le_Monde-scaled.jpeg\" rel=\"prettyPhoto[gallery-eXpg]\"><img loading=\"lazy\" decoding=\"async\" aria-describedby=\"caption-attachment-234\" class=\"espacedroite wp-image-234 size-medium\" src=\"https:\/\/www.diephaven.org\/wp-content\/uploads\/2021\/09\/Frank_SMITH_par_Philippe_Grollier_pour_Le_Monde-240x300.jpeg\" alt=\"\" width=\"240\" height=\"300\" \/><\/a><p id=\"caption-attachment-234\" class=\"wp-caption-text\">Frank Smith, poet<\/p><\/div>\n<p class=\"p1\"><strong><em>Poetic Atlas of Solidarity &#8211; <\/em><em>Someone in S-o-l-i-d-a-r-i-t-y<\/em><\/strong><br \/>\nGroup reading proposed by Frank Smith<\/p>\n<p>Composed of a series of juxtaposed propositions, which unfold, increase and unfold, this unpublished text* wages a &#8220;war after the wars&#8221;: it wants to say the urgency to live, to desire, to understand, to tolerate, to say and to support in front of the others &#8211; before it is too late. A force of interpellation that weaves a certain form of community in an everyman&#8217;s world.<br \/>\nThrough this collective reading, each spectator is invited to read, to create a multitude of voices. For this poetic atlas of solidarity seeks an exploration of links &#8211; a polyphony of crowds, a choir in motion &#8211; in a perspective open to the future.<br \/>\n<span style=\"font-size: 10pt;\">*Text conducted in 2021 within the framework of the &#8220;Writers&#8217; residency programme of the \u00cele-de-France Region&#8221;.<br \/>\n<\/span><strong><br \/>\nFrank Smith<\/strong> is a writer and video artist. He is represented by the Galerie Analix Forever (Geneva). He is the creator of the Bureau d&#8217;Investigations Po\u00e9tiques from which he explores the junctions between Poetry, Politics and Image &#8211; through books, films, installations, exhibitions and performances. Thus are delivered &#8220;protocols of experimentation that question the possibility, the efficiency, the performativity of literature and film.&#8221; (V. Bergen, art press). Frank Smith has published about twenty books to date and has been developing a forensic poetics since the publication of GUANTANAMO (Seuil, 2010, and Les Figues Press, Praise by Avital Ronell, Los Angeles, 2014) &#8211; crowned best book of the year by The Huffington Post. In the wake of these publications, he makes films and video installations in which the non-relation between Seeing and Speaking is put into practice and from which the arcanes of a new &#8220;poetry cinema&#8221; are laid. All his films have been presented at the Centre Georges-Pompidou in Paris. Next film: THE FILM OF THE IN-BETWEEN, dedicated to the border between the two Koreas. Next book to be published: IRAK 24 HOURS, Cr\u00e9aphis editions, in homage to Julian Assange.<\/p>\n<p>&nbsp;<\/p>\n<p><strong>4-6pm at D.S.N, Great Hall<br \/>\nEcological bifurcations and redirections<br \/>\nEncounter, talks<br \/>\n<\/strong>How to bring non-humans into politics? In the face of climate catastrophe, how can we fork our existing infrastructures? Should humanity be prepared to &#8220;close down&#8221; what is destroying it, according to the proposals made by the economist Diego Landivar*, among others? Can capitalism help us do this?<\/p>\n<p><strong>\u00a0<\/strong><\/p>\n<div id=\"attachment_233\" style=\"width: 235px\" class=\"wp-caption alignleft\"><a href=\"https:\/\/www.diephaven.org\/wp-content\/uploads\/2021\/09\/Lena-Balaud-scaled.jpeg\" rel=\"prettyPhoto[gallery-eXpg]\"><img loading=\"lazy\" decoding=\"async\" aria-describedby=\"caption-attachment-233\" class=\"espacegauche wp-image-233 size-medium\" src=\"https:\/\/www.diephaven.org\/wp-content\/uploads\/2021\/09\/Lena-Balaud-225x300.jpeg\" alt=\"\" width=\"225\" height=\"300\" \/><\/a><p id=\"caption-attachment-233\" class=\"wp-caption-text\">L\u00e9na Balaud, philosopher and agricultural engineer<\/p><\/div>\n<p class=\"p1\"><strong>L\u00e9na Balaud<\/strong> holds a degree in agricultural engineering. She is now a farmer and independent researcher in political philosophy. She is a member of the editorial board of the online journal <em>Terrestres<\/em>. With Antoine Chopot, she published <em>Nous ne sommes pas seuls. Politique des soul\u00e8vements terrestres<\/em>, published by Editions du Seuil, Anthropocene collection (2020). What happens to &#8220;politics&#8221; when women farmers and environmentalists disseminate herbicide-resistant seeds in GMO monocultures to sabotage yields? Other ways of doing things, of defending ourselves, of resisting, are ahead of us, destabilizing us and strengthening us: animal, plant, forest, microbial, fungal ways&#8230; Our allies are multiform, considerably more numerous and diverse than our imagination allows. This treatise of terrestrial political ecology opens new horizons to act with nature against those who collapse it.<\/p>\n<div id=\"attachment_229\" style=\"width: 310px\" class=\"wp-caption alignright\"><a href=\"https:\/\/www.diephaven.org\/wp-content\/uploads\/2021\/09\/Yann_MOULIER_BOUTANG_par_Paul_DEVAUTOUR.jpeg\" rel=\"prettyPhoto[gallery-eXpg]\"><img loading=\"lazy\" decoding=\"async\" aria-describedby=\"caption-attachment-229\" class=\"espacedroite wp-image-229 size-medium\" src=\"https:\/\/www.diephaven.org\/wp-content\/uploads\/2021\/09\/Yann_MOULIER_BOUTANG_par_Paul_DEVAUTOUR-300x225.jpeg\" alt=\"\" width=\"300\" height=\"225\" srcset=\"https:\/\/www.impatiences.org\/wp-content\/uploads\/2021\/09\/Yann_MOULIER_BOUTANG_par_Paul_DEVAUTOUR-300x225.jpeg 300w, https:\/\/www.impatiences.org\/wp-content\/uploads\/2021\/09\/Yann_MOULIER_BOUTANG_par_Paul_DEVAUTOUR.jpeg 320w\" sizes=\"auto, (max-width: 300px) 100vw, 300px\" \/><\/a><p id=\"caption-attachment-229\" class=\"wp-caption-text\">Yann Moulier-Boutang, philosopher and economist<\/p><\/div>\n<p class=\"p1\"><strong>Yann Moulier-Boutang<\/strong> is a French economist and philosopher. In 1968, he participated in the March 22 movement and then in the <em>Cahiers de Mai<\/em>. From 1970 to 1975, he was a student at the \u00c9cole normale sup\u00e9rieure. He joined the operaist theses in 1970 and in 1972 participated in the creation of the journal <em>Mat\u00e9riaux pour l&#8217;intervention<\/em>. In 1973, he met Toni Negri, who would have a lasting influence on his work and to whom he would be very close in the years 1980-2007. Since 2000, he has been the director of the journal <em>Multitudes<\/em>, where he regularly publishes articles of substance or reaction to current events, on his favorite subjects such as a total overhaul of our taxation system via a pollen tax on flows, or the political stakes of the digital age. After teaching at the \u00c9cole normale sup\u00e9rieure and the Institut d&#8217;\u00e9tudes politiques de Paris, he is a professor of economics at the Universit\u00e9 de technologie de Compi\u00e8gne. He was International Adjunct Professor at the Fernand-Braudel Center of the State University of New York at Binghamton (USA). An advocate of unconditional basic income, he justifies it in his book <em>L&#8217;Abeille et l&#8217;\u00c9conomiste<\/em> (2010) by the fact that all humans create economic value, like bees during pollination. According to him, the basic income is not a redistributive system but a &#8220;reward for the pollination&#8221; of each citizen. His publications include <em>Le Capitalisme cognitif : la nouvelle grande transformation<\/em>, ed. Amsterdam, 2007 and Yann Moulier-Boutang, <em>De l&#8217;esclavage au salariat : \u00e9conomie historique du salariat brid\u00e9<\/em>, Paris, Presses universitaires de France, 1998. <em>Althusser : une biographie<\/em> (1re partie), Grasset, 1992 (reprinted in pocket in 2002).<\/p>\n<div id=\"attachment_239\" style=\"width: 310px\" class=\"wp-caption alignleft\"><a href=\"https:\/\/www.diephaven.org\/wp-content\/uploads\/2021\/09\/diego-landivar.jpeg\" rel=\"prettyPhoto[gallery-eXpg]\"><img loading=\"lazy\" decoding=\"async\" aria-describedby=\"caption-attachment-239\" class=\"espacegauche wp-image-239 size-medium\" src=\"https:\/\/www.diephaven.org\/wp-content\/uploads\/2021\/09\/diego-landivar-300x300.jpeg\" alt=\"\" width=\"300\" height=\"300\" srcset=\"https:\/\/www.impatiences.org\/wp-content\/uploads\/2021\/09\/diego-landivar-300x300.jpeg 300w, https:\/\/www.impatiences.org\/wp-content\/uploads\/2021\/09\/diego-landivar.jpeg 1024w, https:\/\/www.impatiences.org\/wp-content\/uploads\/2021\/09\/diego-landivar-150x150.jpeg 150w, https:\/\/www.impatiences.org\/wp-content\/uploads\/2021\/09\/diego-landivar-768x768.jpeg 768w, https:\/\/www.impatiences.org\/wp-content\/uploads\/2021\/09\/diego-landivar-100x100.jpeg 100w, https:\/\/www.impatiences.org\/wp-content\/uploads\/2021\/09\/diego-landivar-140x140.jpeg 140w, https:\/\/www.impatiences.org\/wp-content\/uploads\/2021\/09\/diego-landivar-500x500.jpeg 500w, https:\/\/www.impatiences.org\/wp-content\/uploads\/2021\/09\/diego-landivar-350x350.jpeg 350w, https:\/\/www.impatiences.org\/wp-content\/uploads\/2021\/09\/diego-landivar-1000x1000.jpeg 1000w, https:\/\/www.impatiences.org\/wp-content\/uploads\/2021\/09\/diego-landivar-800x800.jpeg 800w\" sizes=\"auto, (max-width: 300px) 100vw, 300px\" \/><\/a><p id=\"caption-attachment-239\" class=\"wp-caption-text\">Diego Landivar, economist<\/p><\/div>\n<p>&nbsp;<\/p>\n<p class=\"p1\"><strong>Diego Landivar<\/strong> is a Doctor of Economics and a former student of the Ecole Normale Sup\u00e9rieure. His work focuses on ontological reconfigurations, in the context of the Anthropocene, from an anthropological perspective. These questions have led him to investigate cosmopolitical reconfigurations in Andean countries, the rights of entities of nature and non-humans, Indianism, the status of technical objects, controversies around the ecological transition, the ecological redirection of organizations, territorial ontologies, and the decolonization of Mars.\u00a0 He is co-founder and director of the Origens Medialab.\u00a0 He advises various territories and public authorities in search of identity singularity and ecological alternatives. He is also co-founder of the PEOPLE Program. Latest publication: (with Alexandre Monnin, Emmanuel Bonnet), <em>H\u00e9ritage et fermeture, pour une \u00e9cologie du d\u00e9mant\u00e8lement<\/em> (\u00e9ditions Divergence, 2021)<\/p>\n<p>&nbsp;<\/p>\n<div id=\"attachment_235\" style=\"width: 310px\" class=\"wp-caption alignright\"><a href=\"https:\/\/www.diephaven.org\/wp-content\/uploads\/2021\/09\/Lecerf-Ogilvie.png\" rel=\"prettyPhoto[gallery-eXpg]\"><img loading=\"lazy\" decoding=\"async\" aria-describedby=\"caption-attachment-235\" class=\"espacedroite wp-image-235 size-medium\" src=\"https:\/\/www.diephaven.org\/wp-content\/uploads\/2021\/09\/Lecerf-Ogilvie-300x169.png\" alt=\"\" width=\"300\" height=\"169\" srcset=\"https:\/\/www.impatiences.org\/wp-content\/uploads\/2021\/09\/Lecerf-Ogilvie-300x169.png 300w, https:\/\/www.impatiences.org\/wp-content\/uploads\/2021\/09\/Lecerf-Ogilvie-1024x576.png 1024w, https:\/\/www.impatiences.org\/wp-content\/uploads\/2021\/09\/Lecerf-Ogilvie-768x432.png 768w, https:\/\/www.impatiences.org\/wp-content\/uploads\/2021\/09\/Lecerf-Ogilvie-1536x864.png 1536w, https:\/\/www.impatiences.org\/wp-content\/uploads\/2021\/09\/Lecerf-Ogilvie.png 1920w\" sizes=\"auto, (max-width: 300px) 100vw, 300px\" \/><\/a><p id=\"caption-attachment-235\" class=\"wp-caption-text\">Eric Lecerf &amp; Bertrand Ogilvie, philosophers<\/p><\/div>\n<p class=\"p1\"><b>18h-20h <strong><em>Utopias at the Auction House<br \/>\n<\/em><\/strong><\/b><strong>Encounter, talks<\/strong><b><strong><em><br \/>\n<\/em><\/strong>at La Cri\u00e9e, Port of Dieppe<br \/>\nAddress: 26 rue Edouard Lavoine 76200 DIEPPE<\/b><\/p>\n<p>In the Dieppe fish auction, where seafood is sold directly from the producer to the fishmonger, and at the invitation of Eric Lecerf and Bertrand Ogilvie, five speakers will discuss utopias today. Utopia is not only a literary and philosophical genre situated in history. It is a trend of thought that allows us to think about existence differently, independently of any belief in the power of discourses on society and its history. It is a free field of experience which, in the diversity of hopes to which it gives substance, opens up a space for the unprecedented, for encounters, without which living would be nothing more than a dull survival under conditions. To debate it is to be part of an otherness which, from the tribunes of the past to the screens of the present, implies an open community.<br \/>\n<strong>\u00c9ric Lecerf<\/strong> is a lecturer in philosophy at the University of Paris 8 since 2002. He is a specialist in the philosophy of work and theories of emancipation and also teaches in the film department. Before joining the university, \u00c9ric Lecerf worked for four years (1976-1981) as a specialized worker in the telephone industry, then was a teacher for 18 years. During this period, he was also a research associate at the CESP-EHESS under the direction of Paul-Henry Chombart de Lauwe (1986-1989) and at the Coll\u00e8ge International de philosophie (1992-1998).<br \/>\nBorn in 1952, <strong>Bertrand Ogilvie<\/strong> has taught philosophy since 1978, at the \u00c9cole normale de Cergy Pontoise, at the University of Nanterre and finally at the University of Paris 8 Vincennes Saint-Denis from 2012 to 2021. A psychoanalyst, he has also worked with children in Arno Stern&#8217;s painting workshops and participated in the rediscovery of Fernand Deligny&#8217;s work, at the frontier of education, psychiatry and politics. Very involved in theatrical adventures and jazz, a great contemplative paradoxically more interested in meetings, collectives and friendship than in solitary work, he has written books and articles on music, work, psychoanalysis, education, politics and theater, all of which have in common that they seek to identify contemporary forms of extreme violence and ways of confronting it. He has published, among others: <em>Lacan. La formation du concept de sujet<\/em> (PUF), <em>L&#8217;Homme jetable<\/em> (\u00c9ditions Amsterdam), <em>La seconde nature du Politique<\/em> (\u00c9ditions de l&#8217;Harmattan), <em>Le travail \u00e0 mort. La vie quotidienne au temps du capitalisme absolu<\/em>, published by \u00c9ditions de L&#8217;Arachn\u00e9en and <em>La L\u00e9gende dor\u00e9e de l&#8217;\u00e9cole \u00e9mancip\u00e9e<\/em> published by \u00c9ditions du Retrait.<br \/>\nEric Lecerf &amp; Bertrand Ogilvie will invite during this session, in distanciel, <strong>Alexander Neumann<\/strong> (sociologist, University of Paris VIII), <strong>Silvana Rabinovich<\/strong> (philosopher, National Autonomous University of Mexico), <strong>Fr\u00e9d\u00e9ric Rambeau<\/strong> (philosopher, University of Paris VIII).<br \/>\nThis meeting, <em>Utopias at the Auction Hous<\/em><em>e<\/em>, is initiated by the <strong>philosophy department of the University of Paris 8 &#8211; Vincennes &#8211; Saint Denis<\/strong> and its laboratory, to which the five speakers belong. The meeting will take place at the University of Paris 8 &#8211; Vincennes &#8211; Saint Denis in Dieppe, an institution which, since its creation in the immediate aftermath of May 68, has never ceased to defend this utopian faculty against dogmatic trends and denials.<\/p>\n<p><strong><br \/>\n8:30-10pm at D.S.N, Great Hall<br \/>\nConference and meeting with Romain Bertrand: : &#8220;From two worlds one: Indonesia and the Parmentier brothers<\/strong><\/p>\n<p>&#8220;Saturday 3rd April 1529. The Sacre and the Pens\u00e9e, two large vessels, leave the harbour of Dieppe under the command of Jean and Raoul Parmentier, &#8220;poet captains&#8221; whose devotional songs exalt the purity of the Virgin and the endurance of the sailors. Chartered by Jean Ango, whose family had made its fortune by decimating herring banks and Spanish fleets, the expedition aimed to reach the Spice Islands of the Indonesian archipelago and to acquire black pepper under the nose of the Portuguese, who were already partly &#8211; but only partly &#8211; masters of the place. Eight months later, at the beginning of December, the two captains were killed off the coast of Sumatra. In the meantime, we are told, the Europe of the Renaissance, all culture and science, had talked to Asia, its sultans and its ulama, and imposed its will on them. Did it really? &#8221;<\/p>\n<div id=\"attachment_231\" style=\"width: 310px\" class=\"wp-caption alignleft\"><a href=\"https:\/\/www.diephaven.org\/wp-content\/uploads\/2021\/09\/Romain_BERTRAND.jpeg\" rel=\"prettyPhoto[gallery-eXpg]\"><img loading=\"lazy\" decoding=\"async\" aria-describedby=\"caption-attachment-231\" class=\"espacegauche wp-image-231 size-medium\" src=\"https:\/\/www.diephaven.org\/wp-content\/uploads\/2021\/09\/Romain_BERTRAND-300x150.jpeg\" alt=\"\" width=\"300\" height=\"150\" \/><\/a><p id=\"caption-attachment-231\" class=\"wp-caption-text\">Romain Bertrand, historian<\/p><\/div>\n<p class=\"p1\"><strong>Romain Bertrand<\/strong> is an historian. Director of research at the Center for International Studies and Research (CERI, Sciences Po-CNRS), he is a member of the editorial board of &#8220;Annales.\u00a0Histoire, sciences sociales&#8221; and teaches at Sciences Po Paris. He is a specialist in the history of the first contacts between Europe and Southeast Asia, as well as the colonization processes in this region (Indonesia, Philippines). <em>R\u00e9cits d&#8217;une rencontre Orient-Occident<\/em> (XVIe-XVIIe si\u00e8cles)&#8221; (Seuil, 2011), &#8220;<em>Le long remords de la Conqu\u00eate<\/em>&#8221; (Seuil, 2015), &#8220;<em>Qui a fait le tour de quoi? L&#8217;affaire Magellan<\/em>&#8221; (Verdier, 2020) and &#8220;<em>Le D\u00e9tail du monde. L&#8217;art perdu de la description de la nature<\/em>&#8221; (Seuil, 2019). He also edited the collective volume &#8220;<em>L&#8217;exploration du monde. Une autre histoire des Grandes d\u00e9couvertes<\/em>&#8221; (Seuil, 2019). He is currently working on a critical edition of the travel report of the Parmentier brothers to Sumatra in 1529.<\/p>\n[\/vc_column_text][\/vc_column][\/vc_row]","protected":false},"excerpt":{"rendered":"<p>[vc_row type=&#8221;in_container&#8221; full_screen_row_position=&#8221;middle&#8221; column_margin=&#8221;default&#8221; column_direction=&#8221;default&#8221; column_direction_tablet=&#8221;default&#8221; column_direction_phone=&#8221;default&#8221; scene_position=&#8221;center&#8221; text_color=&#8221;dark&#8221; text_align=&#8221;left&#8221; row_border_radius=&#8221;none&#8221; row_border_radius_applies=&#8221;bg&#8221; overflow=&#8221;visible&#8221; overlay_strength=&#8221;0.3&#8243; gradient_direction=&#8221;left_to_right&#8221; shape_divider_position=&#8221;bottom&#8221; bg_image_animation=&#8221;none&#8221;][vc_column column_padding=&#8221;no-extra-padding&#8221;&#8230;<\/p>\n","protected":false},"author":1,"featured_media":0,"parent":220,"menu_order":2,"comment_status":"closed","ping_status":"closed","template":"","meta":{"footnotes":""},"categories":[],"tags":[],"class_list":["post-310","page","type-page","status-publish"],"aioseo_notices":[],"_links":{"self":[{"href":"https:\/\/www.impatiences.org\/en\/wp-json\/wp\/v2\/pages\/310","targetHints":{"allow":["GET"]}}],"collection":[{"href":"https:\/\/www.impatiences.org\/en\/wp-json\/wp\/v2\/pages"}],"about":[{"href":"https:\/\/www.impatiences.org\/en\/wp-json\/wp\/v2\/types\/page"}],"author":[{"embeddable":true,"href":"https:\/\/www.impatiences.org\/en\/wp-json\/wp\/v2\/users\/1"}],"replies":[{"embeddable":true,"href":"https:\/\/www.impatiences.org\/en\/wp-json\/wp\/v2\/comments?post=310"}],"version-history":[{"count":0,"href":"https:\/\/www.impatiences.org\/en\/wp-json\/wp\/v2\/pages\/310\/revisions"}],"up":[{"embeddable":true,"href":"https:\/\/www.impatiences.org\/en\/wp-json\/wp\/v2\/pages\/220"}],"wp:attachment":[{"href":"https:\/\/www.impatiences.org\/en\/wp-json\/wp\/v2\/media?parent=310"}],"wp:term":[{"taxonomy":"category","embeddable":true,"href":"https:\/\/www.impatiences.org\/en\/wp-json\/wp\/v2\/categories?post=310"},{"taxonomy":"post_tag","embeddable":true,"href":"https:\/\/www.impatiences.org\/en\/wp-json\/wp\/v2\/tags?post=310"}],"curies":[{"name":"wp","href":"https:\/\/api.w.org\/{rel}","templated":true}]}}