{"id":301,"date":"2021-09-21T14:50:50","date_gmt":"2021-09-21T12:50:50","guid":{"rendered":"https:\/\/www.diephaven.org\/?page_id=301"},"modified":"2023-05-27T15:26:07","modified_gmt":"2023-05-27T13:26:07","slug":"vendredi-22-octobre-2021","status":"publish","type":"page","link":"https:\/\/www.impatiences.org\/en\/archives\/festival-diephaven-2021\/vendredi-22-octobre-2021","title":{"rendered":"Diep~Haven 2021 &#8211; Friday, October 22, 2021 &#8211; Opening"},"content":{"rendered":"[vc_row type=&#8221;in_container&#8221; full_screen_row_position=&#8221;middle&#8221; column_margin=&#8221;default&#8221; column_direction=&#8221;default&#8221; column_direction_tablet=&#8221;default&#8221; column_direction_phone=&#8221;default&#8221; scene_position=&#8221;center&#8221; text_color=&#8221;dark&#8221; text_align=&#8221;left&#8221; row_border_radius=&#8221;none&#8221; row_border_radius_applies=&#8221;bg&#8221; overflow=&#8221;visible&#8221; overlay_strength=&#8221;0.3&#8243; gradient_direction=&#8221;left_to_right&#8221; shape_divider_position=&#8221;bottom&#8221; bg_image_animation=&#8221;none&#8221;][vc_column column_padding=&#8221;no-extra-padding&#8221; column_padding_tablet=&#8221;inherit&#8221; column_padding_phone=&#8221;inherit&#8221; column_padding_position=&#8221;all&#8221; column_element_direction_desktop=&#8221;default&#8221; column_element_spacing=&#8221;default&#8221; desktop_text_alignment=&#8221;default&#8221; tablet_text_alignment=&#8221;default&#8221; phone_text_alignment=&#8221;default&#8221; background_color_opacity=&#8221;1&#8243; background_hover_color_opacity=&#8221;1&#8243; column_backdrop_filter=&#8221;none&#8221; column_shadow=&#8221;none&#8221; column_border_radius=&#8221;none&#8221; column_link_target=&#8221;_self&#8221; column_position=&#8221;default&#8221; gradient_direction=&#8221;left_to_right&#8221; overlay_strength=&#8221;0.3&#8243; width=&#8221;1\/1&#8243; tablet_width_inherit=&#8221;default&#8221; animation_type=&#8221;default&#8221; bg_image_animation=&#8221;none&#8221; border_type=&#8221;simple&#8221; column_border_width=&#8221;none&#8221; column_border_style=&#8221;solid&#8221;][nectar_global_section id=&#8221;664&#8243;][\/vc_column][\/vc_row][vc_row type=&#8221;in_container&#8221; full_screen_row_position=&#8221;middle&#8221; column_margin=&#8221;default&#8221; column_direction=&#8221;default&#8221; column_direction_tablet=&#8221;default&#8221; column_direction_phone=&#8221;default&#8221; scene_position=&#8221;center&#8221; text_color=&#8221;dark&#8221; text_align=&#8221;left&#8221; row_border_radius=&#8221;none&#8221; row_border_radius_applies=&#8221;bg&#8221; overflow=&#8221;visible&#8221; class=&#8221;padpage&#8221; overlay_strength=&#8221;0.3&#8243; gradient_direction=&#8221;left_to_right&#8221; shape_divider_position=&#8221;bottom&#8221; bg_image_animation=&#8221;none&#8221; gradient_type=&#8221;default&#8221; shape_type=&#8221;&#8221;][vc_column column_padding=&#8221;no-extra-padding&#8221; column_padding_tablet=&#8221;inherit&#8221; column_padding_phone=&#8221;inherit&#8221; column_padding_position=&#8221;all&#8221; column_element_direction_desktop=&#8221;default&#8221; column_element_spacing=&#8221;default&#8221; desktop_text_alignment=&#8221;default&#8221; tablet_text_alignment=&#8221;default&#8221; phone_text_alignment=&#8221;default&#8221; background_color_opacity=&#8221;1&#8243; background_hover_color_opacity=&#8221;1&#8243; column_backdrop_filter=&#8221;none&#8221; column_shadow=&#8221;none&#8221; column_border_radius=&#8221;none&#8221; column_link_target=&#8221;_self&#8221; column_position=&#8221;default&#8221; gradient_direction=&#8221;left_to_right&#8221; overlay_strength=&#8221;0.3&#8243; width=&#8221;1\/1&#8243; tablet_width_inherit=&#8221;default&#8221; animation_type=&#8221;default&#8221; bg_image_animation=&#8221;none&#8221; border_type=&#8221;simple&#8221; column_border_width=&#8221;none&#8221; column_border_style=&#8221;solid&#8221;][vc_column_text]\n<h3>Opening evening<\/h3>\n<p style=\"text-align: left;\">of the <strong>Diep~haven 2021 Festival<\/strong><br \/>\nfestival of ideas and contemporary creation<\/p>\n<p><strong>where<\/strong>:<br \/>\nD.S.N. &#8211; Sc\u00e8ne Nationale de Dieppe, Normandy<br \/>\nAuditorium<\/p>\n<p><strong>when<\/strong>:<br \/>\nFriday, October 22 &#8211; 6:30-10 p.m.<\/p>\n<p>With <strong>Arno Bertina<\/strong> (writer), <strong>James No\u00ebl<\/strong> (poet), <strong>Sophie Wahnich<\/strong> (historian), <strong>Aliocha Imhoff &amp; Kantuta Quir\u00f3s<\/strong> (festival directors).<br \/>\nAnd the screening of <em>Children of Unquiet<\/em> by Mikhail Karikis (2013-2014, 15 min)<\/p>\n<p>&nbsp;<\/p>\n<div id=\"attachment_236\" style=\"width: 225px\" class=\"wp-caption alignleft\"><a href=\"https:\/\/www.diephaven.org\/wp-content\/uploads\/2021\/09\/Arno-Bertina-par-Francesca-Mantovani-2017.jpeg\" rel=\"prettyPhoto[gallery-mVEA]\"><img loading=\"lazy\" decoding=\"async\" aria-describedby=\"caption-attachment-236\" class=\"espacegauche wp-image-236 size-medium\" src=\"https:\/\/www.impatiences.org\/wp-content\/uploads\/2022\/10\/Arno-Bertina-par-Francesca-Mantovani-2017-215x300.jpg\" alt=\"\" width=\"215\" height=\"300\" \/><\/a><p id=\"caption-attachment-236\" class=\"wp-caption-text\">Arno Bertina, writer<\/p><\/div>\n<p>Born in 1975, <strong>Arno Bertina<\/strong> is the author of some fifteen books, including <em>Le Dehors ou la migration des truites<\/em> (Actes Sud 2001); the abundant <em>Anima Motrix<\/em> (Verticales 2006), which recounts the drift or flight of a politician from the North to the South of Italy; and <em>Des ch\u00e2teaux qui br\u00fblent<\/em> (Verticales 2017; Folio 2019). In this fiction, a secretary of state is sequestered by the employees of a Breton slaughterhouse about to be placed in judicial liquidation.\u00a0 In March 2020, Verticales published <em>L&#8217;Age de la premi\u00e8re passe<\/em>, a long documentary account of work done in the Congo with street girls, minors prostituting themselves to survive. Arno Bertina has also adapted Malcolm Lowry&#8217;s <em>Sous le Volcan<\/em> and <em>Les D\u00e9mons<\/em>, by Dostoyevsky (with Oliver Rohe) for France Culture. He was a resident at the Villa Medici (Rome) in 2004-2005. A critical volume appeared in the summer of 2018, published by Classiques-Garnier in the collection &#8220;Ecrivains francophones&#8221;. Arno Bertina is publishing <em>Ceux qui trop supportent. Le combat des ex-GM&amp;S (2017-2020) <\/em>(Verticales, 2021), about the struggle of the GM&amp;S factory workers.<\/p>\n<p>&nbsp;<\/p>\n<div id=\"attachment_241\" style=\"width: 310px\" class=\"wp-caption alignright\"><a href=\"https:\/\/www.diephaven.org\/wp-content\/uploads\/2021\/09\/james-noel.png\" rel=\"prettyPhoto[gallery-mVEA]\"><img loading=\"lazy\" decoding=\"async\" aria-describedby=\"caption-attachment-241\" class=\"espacedroite wp-image-241 size-medium\" src=\"https:\/\/www.impatiences.org\/wp-content\/uploads\/2022\/10\/james-noel-300x300.png\" alt=\"\" width=\"300\" height=\"300\" \/><\/a><p id=\"caption-attachment-241\" class=\"wp-caption-text\">James No\u00ebl, poet<\/p><\/div>\n<p class=\"p1\"><strong>James No\u00ebl<\/strong> is a poet, born in Haiti in 1978. He lives in Veules-les-Roses. Among his latest published collections: <em>Le Pyromane adolescent<\/em>, followed by <em>Le Sang visible du vitrier<\/em> (Points, 2015); <em>Anthologie de po\u00e9sie ha\u00eftienne contemporaine<\/em> (Points, 2015); <em>La Migration des murs<\/em> (Galaade, 2016). He also hosts the magnificent journal IntranQu&#8217;\u00eellit\u00e9s. Adored by his prestigious elders, James No\u00ebl is today one of the major voices of contemporary Haitian poetry. With his harsh and sensitive pen, his poems oscillate between hymns to the flesh and punches, such as the incandescent <em>Pyromane Adolescent<\/em> or <em>Cheval de feu<\/em>. After an Anthology of Contemporary Haitian Poetry under his direction, his poetic pamphlet <em>La Migration des murs<\/em> (The Migration of the Walls), which began in the rubble of the earthquake and ended at the Villa Medici, James No\u00ebl published his very first novel: <em>Belle merveille <\/em>(Zulma, 2017). A novel in poetic prose, luminous, where memories of the earthquake also give way to the author&#8217;s lucid and ironic tone on international aid. James No\u00ebl writes in Creole with his left hand and in French with his right hand, not hesitating to call upon musicians to enrich his texts. He also created with Pascale Monnin,<em> IntranQu&#8217;\u00eellit\u00e9s<\/em> , a literary and artistic review where &#8220;in a brilliant complicity, the images escort the texts without illustrating or commenting on them&#8221; as Mkenzie Orcel says.<\/p>\n<p>&nbsp;<\/p>\n<div id=\"attachment_230\" style=\"width: 310px\" class=\"wp-caption alignleft\"><a href=\"https:\/\/www.diephaven.org\/wp-content\/uploads\/2021\/09\/sophie-wahnich-scaled.jpeg\" rel=\"prettyPhoto[gallery-mVEA]\"><img loading=\"lazy\" decoding=\"async\" aria-describedby=\"caption-attachment-230\" class=\"espacegauche wp-image-230 size-medium\" src=\"https:\/\/www.impatiences.org\/wp-content\/uploads\/2022\/10\/sophie-wahnich-300x300.jpg\" alt=\"\" width=\"300\" height=\"300\" \/><\/a><p id=\"caption-attachment-230\" class=\"wp-caption-text\">Sophie Wahnich, historian<\/p><\/div>\n<p><strong>Sophie Wahnich<\/strong> is director of research at the CNRS (IIAC\/EHESS), she works between history, anthropology and political studies on the French Revolution. She questions our present by listening to the advice, opinions and perplexities experienced by our revolutionary ancestors. She has worked more particularly on emotions as a faculty of judgment during the revolutionary moment in the following works\u00a0<em>L&#8217;impossible citoyen l&#8217;\u00e9tranger dans le discours de la R\u00e9volution fran\u00e7aise<\/em>, Paris, Albin Michel 1997- r\u00e9\u00e9dition semi-poche 2010, <em>La libert\u00e9 ou la mort, essai sur la terreur et le terrorisme<\/em>, La fabrique \u00e9dition, 2003, (translation in English by Verso, in German by Matthes &amp; Seitz), <em>La longue patience du peuple, 1792 naissance de la R\u00e9publique<\/em>, Paris, Payot 2008, <em>Les \u00e9motions la R\u00e9volution fran\u00e7aise et le pr\u00e9sent<\/em>, Paris CNRS \u00e9ditions, 2009, <em>la R\u00e9volution fran\u00e7aise n&#8217;est pas un mythe<\/em>, Paris, Klincksieck, 2017.<br \/>\n&#8220;And what do those who want neither virtue nor terror want?&#8221; asked Saint Just in the spring of the year 1794. And what do those who want neither programmed degrowth nor refugees, nor climatic or political migrants want, and terrorise those who protest in the very name of the democratic heritage of an awareness of a community of destiny for humanity and henceforth for all living things? (&#8230;) How can we cope? Can we cope? Between past and present, we will try to open up avenues of reflection for a subversive and perhaps restorative political proposal.&#8221; (Sophie Wahnich)<\/p>\n<div id=\"attachment_279\" style=\"width: 310px\" class=\"wp-caption alignright\"><a href=\"https:\/\/www.diephaven.org\/wp-content\/uploads\/2021\/09\/mikhail-karikis-children-of-unquiet-2013-2014-video-still-sm.jpeg\" rel=\"prettyPhoto[gallery-mVEA]\"><img loading=\"lazy\" decoding=\"async\" aria-describedby=\"caption-attachment-279\" class=\"espacedroite wp-image-279 size-medium\" src=\"https:\/\/www.impatiences.org\/wp-content\/uploads\/2022\/10\/mikhail-karikis-children-of-unquiet-2013-2014-video-still-sm-300x169.jpg\" alt=\"\" width=\"300\" height=\"169\" \/><\/a><p id=\"caption-attachment-279\" class=\"wp-caption-text\">Mikhail Karikis, Children of Unquiet, 2013-2014<\/p><\/div>\n<p>Screening of <em>Children of Unquiet<\/em> by <strong>Mikhail Karikis<\/strong>, 2013-2014, 15 min.<br \/>\n<em>Children of Unquiet<\/em>\u00a0(2013-14) was created with a group of forty-five children living in Valle del Diavolo, Italy, a volcanically active region in Tuscany that inspired Dante\u2019s\u00a0Inferno. The site of the world\u2019s first geothermal power plant, the area has recently become depopulated following the automation of the process of generating energy.<br \/>\nKarikis\u2019s film orchestrates a speculative children\u2019s take-over of an industrial village abandoned by their parents\u2019 generation. These children explore the village through song and play. They read about insects and love from philosophical texts by Toni Negri and Michael Hardt, and they create an aural portrait of their surroundings by imitating sounds they hear &#8211; hissing steam, subterranean rumbling and industrial droning &#8211; harmonising both with the environment and with each other.<br \/>\nKarikis\u2019s film presents the timeless power of the area\u2019s natural landscape in counterpoint to the decay of its settlements and socio-economic structures. It also suggests the possibility of collective expression, hopeful and imaginative resistance for future generations.<\/p>\n<div id=\"attachment_248\" style=\"width: 310px\" class=\"wp-caption alignleft\"><a href=\"https:\/\/www.diephaven.org\/wp-content\/uploads\/2021\/09\/Mikhail-Karikis-by-Felicity-Crawshaw-Isle-of-Grain.jpg\" rel=\"prettyPhoto[gallery-mVEA]\"><img loading=\"lazy\" decoding=\"async\" aria-describedby=\"caption-attachment-248\" class=\"espacegauche wp-image-248 size-medium\" src=\"https:\/\/www.impatiences.org\/wp-content\/uploads\/2022\/10\/Mikhail-Karikis-by-Felicity-Crawshaw-Isle-of-Grain-300x195.jpg\" alt=\"\" width=\"300\" height=\"195\" \/><\/a><p id=\"caption-attachment-248\" class=\"wp-caption-text\">Mikhail Karikis by Felicity Crawshaw<\/p><\/div>\n<p><strong>Mikhail Karikis<\/strong>\u00a0is a Greek-British artist based in London and Lisbon. His work in moving image, sound, performance and other media is exhibited in leading contemporary art biennials, museums and film festivals internationally.\u00a0Through collaborations with individuals and\/or communities located beyond the circles of contemporary art and (in recent years) with children, teenagers, young adults and people with disabilities, Karikis develops socially embedded projects that prompt an activist imaginary and rouse the potential to imagine possible or desired futures of self-determination and potency.\u00a0Centering on listening as an artistic strategy and focusing on themes of social and environmental justice, his projects highlight alternative modes of human action and solidarity, while nurturing critical attention, dignity and tenderness. Shortlisted for the\u00a0Film London Jarman\u00a0Award, UK (2016 &amp; 2019) Karikis exhibits widely. Recent solo exhibitions include\u00a0Ferocious Love,\u00a0Tate Liverpool, UK (2020);\u00a0Children of Unquiet,\u00a0Fondazione Sandretto Re Rebaudengo, Torino, IT (2019);\u00a0For Many Voices,\u00a0MIMA, UK (2019-2020);\u00a0I Hear You,\u00a0De la Warr Pavilion, UK (2019-2020);\u00a0Mikhail Karikis,\u00a0MORI Art Museum, Tokyo, JP (2o19);\u00a0No Ordinary Protest,\u00a0Whitechapel Gallery, London, UK (2018-2019);\u00a0Ain\u2019t Got No Fear,\u00a0Turku Art Museum, FI (2018);\u00a0The Chalk Factory,\u00a0Aarhus 2017 European Capital of Culture, DK (2017);\u00a0Love Is the Institution of Revolution,\u00a0Casino Luxembourg Forum d\u2019art Contemporain, LU (2017) and elsewhere.\u00a0 His work has shown at\u00a02nd\u00a0Riga Biennial, LV (2020);\u00a0Kochi-Muziris Biennale 2016, IN;\u00a0British Art Show 8, UK (2015-2017);\u00a0Steirischer Herbst, AT (2015);\u00a05th\u00a0Thessaloniki Biennale, GR (2015);\u00a019th\u00a0Biennale of Sydney, AU (2014);\u00a0Mediacity Seoul\/SeMA Biennale, Seoul, KR (2014);\u00a0Videonale\u00a014,\u00a0Kunstmusuem Bonn, DE (2013);\u00a02nd\u00a0Aichi Triennale, Nagoya, JP (2013);\u00a0Manifesta 9, Ghenk, BE (2012);\u00a0Danish Pavilion, 54th\u00a0Venice Biennale, IT (2011). Selected group museum exhibitions include\u00a0Care Society,\u00a0Gyeongnam Art Museum, KR (2021);\u00a0Earthbeats,\u00a0Kunsthaus Zurich, CH (2021);\u00a0Ear to the Ground,\u00a0New Orleans Museum of Art, US (2019);\u00a0State of Union,\u00a0Ian Potter Museum, Melbourne, AU (2018);\u00a0Staging Film,\u00a0Busan Museum of Art, KR (2016);\u00a0Art in the Age of Energy and Raw Material,\u00a0FKA Witte de With, NL (2015);\u00a0Listening:\u00a0Hayward Touring (Baltic 39 &amp; The Bluecoat), UK (2014-2015);\u00a0Inside,\u00a0Palais de Tokyo, Paris, FR (2014-2015);\u00a0Assembly,\u00a0TATE Britain, London, UK (2014);\u00a0Aquatopia,\u00a0TATE St Ives\u00a0&amp;\u00a0Nottingham Contemporary, UK (2013-2014). Karikis has performed internationally including at\u00a0Royal Opera House Covent Garden, London, and\u00a0Barbican Theatre, London. His sound works have been published world-wide by\u00a0Bjork,\u00a0DJ Spooky, UNICEF, MIT\u00a0and on\u00a0Sub Rosa\u00a0records, and broadcast on most major European national radio stations including the\u00a0BBC Radio 3,\u00a0RAI3\u00a0and\u00a0Radio France.[\/vc_column_text][\/vc_column][\/vc_row]","protected":false},"excerpt":{"rendered":"<p>[vc_row type=&#8221;in_container&#8221; full_screen_row_position=&#8221;middle&#8221; column_margin=&#8221;default&#8221; column_direction=&#8221;default&#8221; column_direction_tablet=&#8221;default&#8221; column_direction_phone=&#8221;default&#8221; scene_position=&#8221;center&#8221; text_color=&#8221;dark&#8221; text_align=&#8221;left&#8221; row_border_radius=&#8221;none&#8221; row_border_radius_applies=&#8221;bg&#8221; overflow=&#8221;visible&#8221; overlay_strength=&#8221;0.3&#8243; gradient_direction=&#8221;left_to_right&#8221; shape_divider_position=&#8221;bottom&#8221; bg_image_animation=&#8221;none&#8221;][vc_column column_padding=&#8221;no-extra-padding&#8221;&#8230;<\/p>\n","protected":false},"author":1,"featured_media":0,"parent":220,"menu_order":1,"comment_status":"closed","ping_status":"closed","template":"","meta":{"footnotes":""},"categories":[],"tags":[],"class_list":["post-301","page","type-page","status-publish"],"aioseo_notices":[],"_links":{"self":[{"href":"https:\/\/www.impatiences.org\/en\/wp-json\/wp\/v2\/pages\/301","targetHints":{"allow":["GET"]}}],"collection":[{"href":"https:\/\/www.impatiences.org\/en\/wp-json\/wp\/v2\/pages"}],"about":[{"href":"https:\/\/www.impatiences.org\/en\/wp-json\/wp\/v2\/types\/page"}],"author":[{"embeddable":true,"href":"https:\/\/www.impatiences.org\/en\/wp-json\/wp\/v2\/users\/1"}],"replies":[{"embeddable":true,"href":"https:\/\/www.impatiences.org\/en\/wp-json\/wp\/v2\/comments?post=301"}],"version-history":[{"count":0,"href":"https:\/\/www.impatiences.org\/en\/wp-json\/wp\/v2\/pages\/301\/revisions"}],"up":[{"embeddable":true,"href":"https:\/\/www.impatiences.org\/en\/wp-json\/wp\/v2\/pages\/220"}],"wp:attachment":[{"href":"https:\/\/www.impatiences.org\/en\/wp-json\/wp\/v2\/media?parent=301"}],"wp:term":[{"taxonomy":"category","embeddable":true,"href":"https:\/\/www.impatiences.org\/en\/wp-json\/wp\/v2\/categories?post=301"},{"taxonomy":"post_tag","embeddable":true,"href":"https:\/\/www.impatiences.org\/en\/wp-json\/wp\/v2\/tags?post=301"}],"curies":[{"name":"wp","href":"https:\/\/api.w.org\/{rel}","templated":true}]}}